{"id":31273,"date":"2023-06-16T11:57:47","date_gmt":"2023-06-16T10:57:47","guid":{"rendered":"https:\/\/www.b-et-c.com\/accueil\/?post_type=product&#038;p=31273"},"modified":"2023-06-16T12:00:50","modified_gmt":"2023-06-16T11:00:50","slug":"companhia-de-v-i-n-ho-s-d-o-s-pr-o-f-e-t-a-s-e-v-i-l-l-o-e-s","status":"publish","type":"product","link":"https:\/\/www.b-et-c.com\/en\/shop\/europe\/domaines-portugal\/madere\/companhia-de-v-i-n-ho-s-d-o-s-pr-o-f-e-t-a-s-e-v-i-l-l-o-e-s\/","title":{"rendered":"Companhia de Vinhos dos Profetas e Vill\u00f5es"},"content":{"rendered":"","protected":false},"excerpt":{"rendered":"<p><strong>Appellation :  Mad\u00e8re &#8211; Porto Santo <\/strong><\/p>\n<p>Antonio Ma\u00e7anit\u00e0, exerce ses talents de winemaker aux quatre coins du Portugal. Il est guid\u00e9 par une philosophie de respect des traditions viticoles r\u00e9gionales. Passionn\u00e9d\u2019histoire, Antonio applique des techniques viticoles ancestrales et redonne r vie \u00e0 des c\u00e9pages autochtones oubli\u00e9s ou abandonn\u00e9s par la viticulture moderne carpeu productifs, difficiles \u00e0 exploiter ou simplement d\u00e9mod\u00e9s. C\u2019est pendant la pand\u00e9mie du Covid 19 o\u00f9 il se confine sur l\u2019\u00eele de Porto Santo, \u00e0 Mad\u00e8re, qu\u2019Antonio projette de redonner vie \u00e0 des c\u00e9pages autochtones de l\u2019archipel en s\u2019alliant \u00e0 son ami restaurateur Nuno Faria. Antonio ambitionne de renouer avec les accents gustatifs des vins de Mad\u00e8re du XVIIe si\u00e8cle, avant l\u2019usage de la Mad\u00e9risation (sans processus oxydatif et sans fortification). Pour ce faire, il s\u00e9lectionne des vieilles vignes de plus de 80 ans et int\u00e8gre \u00e0 ses vins des c\u00e9pages anciens : le Tinta negra et le myst\u00e9rieux caracol, dont on ne connait pas encore l\u2019origine exacte. Le nom \u00ab Profetas \u00bb \u00ab proph\u00e8te \u00bb fait r\u00e9f\u00e9rence au nom donn\u00e9 aux habitants de Porto Santo, premi\u00e8re \u00eele de l\u2019archipel de Mad\u00e8re d\u00e9couverte par les Portugais. Leterme \u00ab Villoes \u00bb, pour parler des habitants de Mad\u00e8re, a un double sens : \u00ab vilains \u00bb ou simplement \u00ab habitants de la ville \u00bb.<\/p>","protected":false},"featured_media":31274,"comment_status":"closed","ping_status":"closed","template":"","meta":{"_monsterinsights_skip_tracking":false,"_monsterinsights_sitenote_active":false,"_monsterinsights_sitenote_note":"","_monsterinsights_sitenote_category":0},"product_brand":[],"product_cat":[253,232],"product_tag":[],"class_list":{"0":"post-31273","1":"product","2":"type-product","3":"status-publish","4":"has-post-thumbnail","6":"product_cat-madere","7":"product_cat-gamme-portugal","9":"first","10":"instock","11":"shipping-taxable","12":"product-type-simple"},"aioseo_notices":[],"_links":{"self":[{"href":"https:\/\/www.b-et-c.com\/en\/wp-json\/wp\/v2\/product\/31273","targetHints":{"allow":["GET"]}}],"collection":[{"href":"https:\/\/www.b-et-c.com\/en\/wp-json\/wp\/v2\/product"}],"about":[{"href":"https:\/\/www.b-et-c.com\/en\/wp-json\/wp\/v2\/types\/product"}],"replies":[{"embeddable":true,"href":"https:\/\/www.b-et-c.com\/en\/wp-json\/wp\/v2\/comments?post=31273"}],"version-history":[{"count":5,"href":"https:\/\/www.b-et-c.com\/en\/wp-json\/wp\/v2\/product\/31273\/revisions"}],"predecessor-version":[{"id":31284,"href":"https:\/\/www.b-et-c.com\/en\/wp-json\/wp\/v2\/product\/31273\/revisions\/31284"}],"wp:featuredmedia":[{"embeddable":true,"href":"https:\/\/www.b-et-c.com\/en\/wp-json\/wp\/v2\/media\/31274"}],"wp:attachment":[{"href":"https:\/\/www.b-et-c.com\/en\/wp-json\/wp\/v2\/media?parent=31273"}],"wp:term":[{"taxonomy":"product_brand","embeddable":true,"href":"https:\/\/www.b-et-c.com\/en\/wp-json\/wp\/v2\/product_brand?post=31273"},{"taxonomy":"product_cat","embeddable":true,"href":"https:\/\/www.b-et-c.com\/en\/wp-json\/wp\/v2\/product_cat?post=31273"},{"taxonomy":"product_tag","embeddable":true,"href":"https:\/\/www.b-et-c.com\/en\/wp-json\/wp\/v2\/product_tag?post=31273"}],"curies":[{"name":"wp","href":"https:\/\/api.w.org\/{rel}","templated":true}]}}